{"id":43905,"date":"2026-09-05T22:24:35","date_gmt":"2026-09-05T22:24:35","guid":{"rendered":"https:\/\/douglascedenofotografia.info\/?page_id=43905"},"modified":"2026-09-05T22:30:12","modified_gmt":"2026-09-05T22:30:12","slug":"rancho-samana","status":"publish","type":"page","link":"https:\/\/douglascedenofotografia.info\/en\/rancho-samana\/","title":{"rendered":"Rancho Samana"},"content":{"rendered":"<div class=\"wpb-content-wrapper\"><div class=\"clearfix\"><\/div><div class=\"vc_row wpb_row vc_row-fluid\"><div class=\"wpb_column vc_column_container vc_col-sm-12\"><div class=\"vc_column-inner\"><div class=\"wpb_wrapper\">\n\t<div class=\"wpb_text_column wpb_content_element\" >\n\t\t<div class=\"wpb_wrapper\">\n\t\t\t<h1>Sesi\u00f3n de embarazo en Rancho Saman\u00e1, Coronado<\/h1>\n<p>Hay lugares que simplemente se prestan para crear fotograf\u00edas incre\u00edbles, y <strong>Rancho Saman\u00e1, en Coronado, Costa Rica<\/strong>, es uno de ellos. En esta ocasi\u00f3n tuvimos la oportunidad de realizar una hermosa <strong>sesi\u00f3n de embarazo<\/strong> y quedamos encantados con todas las posibilidades fotogr\u00e1ficas que ofrece este lugar.<\/p>\n\n\t\t<\/div>\n\t<\/div>\n<\/div><\/div><\/div><\/div><div class=\"clearfix\"><\/div><div class=\"clearfix\"><\/div><div class=\"vc_row wpb_row vc_row-fluid\"><div class=\"wpb_column vc_column_container vc_col-sm-12\"><div class=\"vc_column-inner\"><div class=\"wpb_wrapper\">    <div class=\"gallery-items two-columns grid-small-pad lightgallery\">\n        <div class=\"grid-sizer\"><\/div>\n                <div class=\"gallery-item\">\n            <div class=\"grid-item-holder\">\n                <div class=\"box-item\">\n                    <a data-src=\"https:\/\/douglascedenofotografia.info\/wp-content\/uploads\/2026\/09\/Sesion-de-embarazo-sesion-fotografica-costa-rica-fotografo-de-embarazos-pictures-1.jpg\" class=\"popup-image\" data-sub-html=\"\">\n                    <span class=\"overlay\"><\/span> \n                    <img fetchpriority=\"high\" decoding=\"async\" width=\"2000\" height=\"1333\" src=\"https:\/\/douglascedenofotografia.info\/wp-content\/uploads\/2026\/09\/Sesion-de-embarazo-sesion-fotografica-costa-rica-fotografo-de-embarazos-pictures-1.jpg\" class=\"respimg\" alt=\"\" srcset=\"https:\/\/douglascedenofotografia.info\/wp-content\/uploads\/2026\/09\/Sesion-de-embarazo-sesion-fotografica-costa-rica-fotografo-de-embarazos-pictures-1.jpg 2000w, https:\/\/douglascedenofotografia.info\/wp-content\/uploads\/2026\/09\/Sesion-de-embarazo-sesion-fotografica-costa-rica-fotografo-de-embarazos-pictures-1-300x200.jpg 300w, https:\/\/douglascedenofotografia.info\/wp-content\/uploads\/2026\/09\/Sesion-de-embarazo-sesion-fotografica-costa-rica-fotografo-de-embarazos-pictures-1-1024x682.jpg 1024w, https:\/\/douglascedenofotografia.info\/wp-content\/uploads\/2026\/09\/Sesion-de-embarazo-sesion-fotografica-costa-rica-fotografo-de-embarazos-pictures-1-768x512.jpg 768w, https:\/\/douglascedenofotografia.info\/wp-content\/uploads\/2026\/09\/Sesion-de-embarazo-sesion-fotografica-costa-rica-fotografo-de-embarazos-pictures-1-1536x1024.jpg 1536w, https:\/\/douglascedenofotografia.info\/wp-content\/uploads\/2026\/09\/Sesion-de-embarazo-sesion-fotografica-costa-rica-fotografo-de-embarazos-pictures-1-18x12.jpg 18w\" sizes=\"(max-width: 2000px) 100vw, 2000px\" \/>                    <\/a>\n                <\/div>\n            <\/div>\n        <\/div>\n                <div class=\"gallery-item\">\n            <div class=\"grid-item-holder\">\n                <div class=\"box-item\">\n                    <a data-src=\"https:\/\/douglascedenofotografia.info\/wp-content\/uploads\/2026\/09\/Sesion-de-embarazo-sesion-fotografica-costa-rica-fotografo-de-embarazos-pictures-2.jpg\" class=\"popup-image\" data-sub-html=\"\">\n                    <span class=\"overlay\"><\/span> \n                    <img decoding=\"async\" width=\"2000\" height=\"1333\" src=\"https:\/\/douglascedenofotografia.info\/wp-content\/uploads\/2026\/09\/Sesion-de-embarazo-sesion-fotografica-costa-rica-fotografo-de-embarazos-pictures-2.jpg\" class=\"respimg\" alt=\"\" srcset=\"https:\/\/douglascedenofotografia.info\/wp-content\/uploads\/2026\/09\/Sesion-de-embarazo-sesion-fotografica-costa-rica-fotografo-de-embarazos-pictures-2.jpg 2000w, https:\/\/douglascedenofotografia.info\/wp-content\/uploads\/2026\/09\/Sesion-de-embarazo-sesion-fotografica-costa-rica-fotografo-de-embarazos-pictures-2-300x200.jpg 300w, https:\/\/douglascedenofotografia.info\/wp-content\/uploads\/2026\/09\/Sesion-de-embarazo-sesion-fotografica-costa-rica-fotografo-de-embarazos-pictures-2-1024x682.jpg 1024w, https:\/\/douglascedenofotografia.info\/wp-content\/uploads\/2026\/09\/Sesion-de-embarazo-sesion-fotografica-costa-rica-fotografo-de-embarazos-pictures-2-768x512.jpg 768w, https:\/\/douglascedenofotografia.info\/wp-content\/uploads\/2026\/09\/Sesion-de-embarazo-sesion-fotografica-costa-rica-fotografo-de-embarazos-pictures-2-1536x1024.jpg 1536w, https:\/\/douglascedenofotografia.info\/wp-content\/uploads\/2026\/09\/Sesion-de-embarazo-sesion-fotografica-costa-rica-fotografo-de-embarazos-pictures-2-18x12.jpg 18w\" sizes=\"(max-width: 2000px) 100vw, 2000px\" \/>                    <\/a>\n                <\/div>\n            <\/div>\n        <\/div>\n                <div class=\"gallery-item\">\n            <div class=\"grid-item-holder\">\n                <div class=\"box-item\">\n                    <a data-src=\"https:\/\/douglascedenofotografia.info\/wp-content\/uploads\/2026\/09\/Sesion-de-embarazo-sesion-fotografica-costa-rica-fotografo-de-embarazos-pictures-3.jpg\" class=\"popup-image\" data-sub-html=\"\">\n                    <span class=\"overlay\"><\/span> \n                    <img decoding=\"async\" width=\"2000\" height=\"1333\" src=\"https:\/\/douglascedenofotografia.info\/wp-content\/uploads\/2026\/09\/Sesion-de-embarazo-sesion-fotografica-costa-rica-fotografo-de-embarazos-pictures-3.jpg\" class=\"respimg\" alt=\"\" srcset=\"https:\/\/douglascedenofotografia.info\/wp-content\/uploads\/2026\/09\/Sesion-de-embarazo-sesion-fotografica-costa-rica-fotografo-de-embarazos-pictures-3.jpg 2000w, https:\/\/douglascedenofotografia.info\/wp-content\/uploads\/2026\/09\/Sesion-de-embarazo-sesion-fotografica-costa-rica-fotografo-de-embarazos-pictures-3-300x200.jpg 300w, https:\/\/douglascedenofotografia.info\/wp-content\/uploads\/2026\/09\/Sesion-de-embarazo-sesion-fotografica-costa-rica-fotografo-de-embarazos-pictures-3-1024x682.jpg 1024w, https:\/\/douglascedenofotografia.info\/wp-content\/uploads\/2026\/09\/Sesion-de-embarazo-sesion-fotografica-costa-rica-fotografo-de-embarazos-pictures-3-768x512.jpg 768w, https:\/\/douglascedenofotografia.info\/wp-content\/uploads\/2026\/09\/Sesion-de-embarazo-sesion-fotografica-costa-rica-fotografo-de-embarazos-pictures-3-1536x1024.jpg 1536w, https:\/\/douglascedenofotografia.info\/wp-content\/uploads\/2026\/09\/Sesion-de-embarazo-sesion-fotografica-costa-rica-fotografo-de-embarazos-pictures-3-18x12.jpg 18w\" sizes=\"(max-width: 2000px) 100vw, 2000px\" \/>                    <\/a>\n                <\/div>\n            <\/div>\n        <\/div>\n                <div class=\"gallery-item\">\n            <div class=\"grid-item-holder\">\n                <div class=\"box-item\">\n                    <a data-src=\"https:\/\/douglascedenofotografia.info\/wp-content\/uploads\/2026\/09\/Sesion-de-embarazo-sesion-fotografica-costa-rica-fotografo-de-embarazos-pictures-4.jpg\" class=\"popup-image\" data-sub-html=\"\">\n                    <span class=\"overlay\"><\/span> \n                    <img loading=\"lazy\" decoding=\"async\" width=\"2000\" height=\"1333\" src=\"https:\/\/douglascedenofotografia.info\/wp-content\/uploads\/2026\/09\/Sesion-de-embarazo-sesion-fotografica-costa-rica-fotografo-de-embarazos-pictures-4.jpg\" class=\"respimg\" alt=\"\" srcset=\"https:\/\/douglascedenofotografia.info\/wp-content\/uploads\/2026\/09\/Sesion-de-embarazo-sesion-fotografica-costa-rica-fotografo-de-embarazos-pictures-4.jpg 2000w, https:\/\/douglascedenofotografia.info\/wp-content\/uploads\/2026\/09\/Sesion-de-embarazo-sesion-fotografica-costa-rica-fotografo-de-embarazos-pictures-4-300x200.jpg 300w, https:\/\/douglascedenofotografia.info\/wp-content\/uploads\/2026\/09\/Sesion-de-embarazo-sesion-fotografica-costa-rica-fotografo-de-embarazos-pictures-4-1024x682.jpg 1024w, https:\/\/douglascedenofotografia.info\/wp-content\/uploads\/2026\/09\/Sesion-de-embarazo-sesion-fotografica-costa-rica-fotografo-de-embarazos-pictures-4-768x512.jpg 768w, https:\/\/douglascedenofotografia.info\/wp-content\/uploads\/2026\/09\/Sesion-de-embarazo-sesion-fotografica-costa-rica-fotografo-de-embarazos-pictures-4-1536x1024.jpg 1536w, https:\/\/douglascedenofotografia.info\/wp-content\/uploads\/2026\/09\/Sesion-de-embarazo-sesion-fotografica-costa-rica-fotografo-de-embarazos-pictures-4-18x12.jpg 18w\" sizes=\"(max-width: 2000px) 100vw, 2000px\" \/>                    <\/a>\n                <\/div>\n            <\/div>\n        <\/div>\n                <div class=\"gallery-item\">\n            <div class=\"grid-item-holder\">\n                <div class=\"box-item\">\n                    <a data-src=\"https:\/\/douglascedenofotografia.info\/wp-content\/uploads\/2026\/09\/Sesion-de-embarazo-sesion-fotografica-costa-rica-fotografo-de-embarazos-pictures-5.jpg\" class=\"popup-image\" data-sub-html=\"\">\n                    <span class=\"overlay\"><\/span> \n                    <img loading=\"lazy\" decoding=\"async\" width=\"2000\" height=\"1333\" src=\"https:\/\/douglascedenofotografia.info\/wp-content\/uploads\/2026\/09\/Sesion-de-embarazo-sesion-fotografica-costa-rica-fotografo-de-embarazos-pictures-5.jpg\" class=\"respimg\" alt=\"\" srcset=\"https:\/\/douglascedenofotografia.info\/wp-content\/uploads\/2026\/09\/Sesion-de-embarazo-sesion-fotografica-costa-rica-fotografo-de-embarazos-pictures-5.jpg 2000w, https:\/\/douglascedenofotografia.info\/wp-content\/uploads\/2026\/09\/Sesion-de-embarazo-sesion-fotografica-costa-rica-fotografo-de-embarazos-pictures-5-300x200.jpg 300w, https:\/\/douglascedenofotografia.info\/wp-content\/uploads\/2026\/09\/Sesion-de-embarazo-sesion-fotografica-costa-rica-fotografo-de-embarazos-pictures-5-1024x682.jpg 1024w, https:\/\/douglascedenofotografia.info\/wp-content\/uploads\/2026\/09\/Sesion-de-embarazo-sesion-fotografica-costa-rica-fotografo-de-embarazos-pictures-5-768x512.jpg 768w, https:\/\/douglascedenofotografia.info\/wp-content\/uploads\/2026\/09\/Sesion-de-embarazo-sesion-fotografica-costa-rica-fotografo-de-embarazos-pictures-5-1536x1024.jpg 1536w, https:\/\/douglascedenofotografia.info\/wp-content\/uploads\/2026\/09\/Sesion-de-embarazo-sesion-fotografica-costa-rica-fotografo-de-embarazos-pictures-5-18x12.jpg 18w\" sizes=\"(max-width: 2000px) 100vw, 2000px\" \/>                    <\/a>\n                <\/div>\n            <\/div>\n        <\/div>\n                <div class=\"gallery-item\">\n            <div class=\"grid-item-holder\">\n                <div class=\"box-item\">\n                    <a data-src=\"https:\/\/douglascedenofotografia.info\/wp-content\/uploads\/2026\/09\/Sesion-de-embarazo-sesion-fotografica-costa-rica-fotografo-de-embarazos-pictures-6.jpg\" class=\"popup-image\" data-sub-html=\"\">\n                    <span class=\"overlay\"><\/span> \n                    <img loading=\"lazy\" decoding=\"async\" width=\"2000\" height=\"1333\" src=\"https:\/\/douglascedenofotografia.info\/wp-content\/uploads\/2026\/09\/Sesion-de-embarazo-sesion-fotografica-costa-rica-fotografo-de-embarazos-pictures-6.jpg\" class=\"respimg\" alt=\"\" srcset=\"https:\/\/douglascedenofotografia.info\/wp-content\/uploads\/2026\/09\/Sesion-de-embarazo-sesion-fotografica-costa-rica-fotografo-de-embarazos-pictures-6.jpg 2000w, https:\/\/douglascedenofotografia.info\/wp-content\/uploads\/2026\/09\/Sesion-de-embarazo-sesion-fotografica-costa-rica-fotografo-de-embarazos-pictures-6-300x200.jpg 300w, https:\/\/douglascedenofotografia.info\/wp-content\/uploads\/2026\/09\/Sesion-de-embarazo-sesion-fotografica-costa-rica-fotografo-de-embarazos-pictures-6-1024x682.jpg 1024w, https:\/\/douglascedenofotografia.info\/wp-content\/uploads\/2026\/09\/Sesion-de-embarazo-sesion-fotografica-costa-rica-fotografo-de-embarazos-pictures-6-768x512.jpg 768w, https:\/\/douglascedenofotografia.info\/wp-content\/uploads\/2026\/09\/Sesion-de-embarazo-sesion-fotografica-costa-rica-fotografo-de-embarazos-pictures-6-1536x1024.jpg 1536w, https:\/\/douglascedenofotografia.info\/wp-content\/uploads\/2026\/09\/Sesion-de-embarazo-sesion-fotografica-costa-rica-fotografo-de-embarazos-pictures-6-18x12.jpg 18w\" sizes=\"(max-width: 2000px) 100vw, 2000px\" \/>                    <\/a>\n                <\/div>\n            <\/div>\n        <\/div>\n                <div class=\"gallery-item\">\n            <div class=\"grid-item-holder\">\n                <div class=\"box-item\">\n                    <a data-src=\"https:\/\/douglascedenofotografia.info\/wp-content\/uploads\/2026\/09\/Sesion-de-embarazo-sesion-fotografica-costa-rica-fotografo-de-embarazos-pictures-7.jpg\" class=\"popup-image\" data-sub-html=\"\">\n                    <span class=\"overlay\"><\/span> \n                    <img loading=\"lazy\" decoding=\"async\" width=\"2000\" height=\"1333\" src=\"https:\/\/douglascedenofotografia.info\/wp-content\/uploads\/2026\/09\/Sesion-de-embarazo-sesion-fotografica-costa-rica-fotografo-de-embarazos-pictures-7.jpg\" class=\"respimg\" alt=\"\" srcset=\"https:\/\/douglascedenofotografia.info\/wp-content\/uploads\/2026\/09\/Sesion-de-embarazo-sesion-fotografica-costa-rica-fotografo-de-embarazos-pictures-7.jpg 2000w, https:\/\/douglascedenofotografia.info\/wp-content\/uploads\/2026\/09\/Sesion-de-embarazo-sesion-fotografica-costa-rica-fotografo-de-embarazos-pictures-7-300x200.jpg 300w, https:\/\/douglascedenofotografia.info\/wp-content\/uploads\/2026\/09\/Sesion-de-embarazo-sesion-fotografica-costa-rica-fotografo-de-embarazos-pictures-7-1024x682.jpg 1024w, https:\/\/douglascedenofotografia.info\/wp-content\/uploads\/2026\/09\/Sesion-de-embarazo-sesion-fotografica-costa-rica-fotografo-de-embarazos-pictures-7-768x512.jpg 768w, https:\/\/douglascedenofotografia.info\/wp-content\/uploads\/2026\/09\/Sesion-de-embarazo-sesion-fotografica-costa-rica-fotografo-de-embarazos-pictures-7-1536x1024.jpg 1536w, https:\/\/douglascedenofotografia.info\/wp-content\/uploads\/2026\/09\/Sesion-de-embarazo-sesion-fotografica-costa-rica-fotografo-de-embarazos-pictures-7-18x12.jpg 18w\" sizes=\"(max-width: 2000px) 100vw, 2000px\" \/>                    <\/a>\n                <\/div>\n            <\/div>\n        <\/div>\n                <div class=\"gallery-item\">\n            <div class=\"grid-item-holder\">\n                <div class=\"box-item\">\n                    <a data-src=\"https:\/\/douglascedenofotografia.info\/wp-content\/uploads\/2026\/09\/Sesion-de-embarazo-sesion-fotografica-costa-rica-fotografo-de-embarazos-pictures-8.jpg\" class=\"popup-image\" data-sub-html=\"\">\n                    <span class=\"overlay\"><\/span> \n                    <img loading=\"lazy\" decoding=\"async\" width=\"2000\" height=\"1333\" src=\"https:\/\/douglascedenofotografia.info\/wp-content\/uploads\/2026\/09\/Sesion-de-embarazo-sesion-fotografica-costa-rica-fotografo-de-embarazos-pictures-8.jpg\" class=\"respimg\" alt=\"\" srcset=\"https:\/\/douglascedenofotografia.info\/wp-content\/uploads\/2026\/09\/Sesion-de-embarazo-sesion-fotografica-costa-rica-fotografo-de-embarazos-pictures-8.jpg 2000w, https:\/\/douglascedenofotografia.info\/wp-content\/uploads\/2026\/09\/Sesion-de-embarazo-sesion-fotografica-costa-rica-fotografo-de-embarazos-pictures-8-300x200.jpg 300w, https:\/\/douglascedenofotografia.info\/wp-content\/uploads\/2026\/09\/Sesion-de-embarazo-sesion-fotografica-costa-rica-fotografo-de-embarazos-pictures-8-1024x682.jpg 1024w, https:\/\/douglascedenofotografia.info\/wp-content\/uploads\/2026\/09\/Sesion-de-embarazo-sesion-fotografica-costa-rica-fotografo-de-embarazos-pictures-8-768x512.jpg 768w, https:\/\/douglascedenofotografia.info\/wp-content\/uploads\/2026\/09\/Sesion-de-embarazo-sesion-fotografica-costa-rica-fotografo-de-embarazos-pictures-8-1536x1024.jpg 1536w, https:\/\/douglascedenofotografia.info\/wp-content\/uploads\/2026\/09\/Sesion-de-embarazo-sesion-fotografica-costa-rica-fotografo-de-embarazos-pictures-8-18x12.jpg 18w\" sizes=\"(max-width: 2000px) 100vw, 2000px\" \/>                    <\/a>\n                <\/div>\n            <\/div>\n        <\/div>\n                <div class=\"gallery-item\">\n            <div class=\"grid-item-holder\">\n                <div class=\"box-item\">\n                    <a data-src=\"https:\/\/douglascedenofotografia.info\/wp-content\/uploads\/2026\/09\/Sesion-de-embarazo-sesion-fotografica-costa-rica-fotografo-de-embarazos-pictures-9.jpg\" class=\"popup-image\" data-sub-html=\"\">\n                    <span class=\"overlay\"><\/span> \n                    <img loading=\"lazy\" decoding=\"async\" width=\"2000\" height=\"1333\" src=\"https:\/\/douglascedenofotografia.info\/wp-content\/uploads\/2026\/09\/Sesion-de-embarazo-sesion-fotografica-costa-rica-fotografo-de-embarazos-pictures-9.jpg\" class=\"respimg\" alt=\"\" srcset=\"https:\/\/douglascedenofotografia.info\/wp-content\/uploads\/2026\/09\/Sesion-de-embarazo-sesion-fotografica-costa-rica-fotografo-de-embarazos-pictures-9.jpg 2000w, https:\/\/douglascedenofotografia.info\/wp-content\/uploads\/2026\/09\/Sesion-de-embarazo-sesion-fotografica-costa-rica-fotografo-de-embarazos-pictures-9-300x200.jpg 300w, https:\/\/douglascedenofotografia.info\/wp-content\/uploads\/2026\/09\/Sesion-de-embarazo-sesion-fotografica-costa-rica-fotografo-de-embarazos-pictures-9-1024x682.jpg 1024w, https:\/\/douglascedenofotografia.info\/wp-content\/uploads\/2026\/09\/Sesion-de-embarazo-sesion-fotografica-costa-rica-fotografo-de-embarazos-pictures-9-768x512.jpg 768w, https:\/\/douglascedenofotografia.info\/wp-content\/uploads\/2026\/09\/Sesion-de-embarazo-sesion-fotografica-costa-rica-fotografo-de-embarazos-pictures-9-1536x1024.jpg 1536w, https:\/\/douglascedenofotografia.info\/wp-content\/uploads\/2026\/09\/Sesion-de-embarazo-sesion-fotografica-costa-rica-fotografo-de-embarazos-pictures-9-18x12.jpg 18w\" sizes=\"(max-width: 2000px) 100vw, 2000px\" \/>                    <\/a>\n                <\/div>\n            <\/div>\n        <\/div>\n                <div class=\"gallery-item\">\n            <div class=\"grid-item-holder\">\n                <div class=\"box-item\">\n                    <a data-src=\"https:\/\/douglascedenofotografia.info\/wp-content\/uploads\/2026\/09\/Sesion-de-embarazo-sesion-fotografica-costa-rica-fotografo-de-embarazos-pictures-10.jpg\" class=\"popup-image\" data-sub-html=\"\">\n                    <span class=\"overlay\"><\/span> \n                    <img loading=\"lazy\" decoding=\"async\" width=\"2000\" height=\"1333\" src=\"https:\/\/douglascedenofotografia.info\/wp-content\/uploads\/2026\/09\/Sesion-de-embarazo-sesion-fotografica-costa-rica-fotografo-de-embarazos-pictures-10.jpg\" class=\"respimg\" alt=\"\" srcset=\"https:\/\/douglascedenofotografia.info\/wp-content\/uploads\/2026\/09\/Sesion-de-embarazo-sesion-fotografica-costa-rica-fotografo-de-embarazos-pictures-10.jpg 2000w, https:\/\/douglascedenofotografia.info\/wp-content\/uploads\/2026\/09\/Sesion-de-embarazo-sesion-fotografica-costa-rica-fotografo-de-embarazos-pictures-10-300x200.jpg 300w, https:\/\/douglascedenofotografia.info\/wp-content\/uploads\/2026\/09\/Sesion-de-embarazo-sesion-fotografica-costa-rica-fotografo-de-embarazos-pictures-10-1024x682.jpg 1024w, https:\/\/douglascedenofotografia.info\/wp-content\/uploads\/2026\/09\/Sesion-de-embarazo-sesion-fotografica-costa-rica-fotografo-de-embarazos-pictures-10-768x512.jpg 768w, https:\/\/douglascedenofotografia.info\/wp-content\/uploads\/2026\/09\/Sesion-de-embarazo-sesion-fotografica-costa-rica-fotografo-de-embarazos-pictures-10-1536x1024.jpg 1536w, https:\/\/douglascedenofotografia.info\/wp-content\/uploads\/2026\/09\/Sesion-de-embarazo-sesion-fotografica-costa-rica-fotografo-de-embarazos-pictures-10-18x12.jpg 18w\" sizes=\"(max-width: 2000px) 100vw, 2000px\" \/>                    <\/a>\n                <\/div>\n            <\/div>\n        <\/div>\n                <div class=\"gallery-item\">\n            <div class=\"grid-item-holder\">\n                <div class=\"box-item\">\n                    <a data-src=\"https:\/\/douglascedenofotografia.info\/wp-content\/uploads\/2026\/09\/Sesion-de-embarazo-sesion-fotografica-costa-rica-fotografo-de-embarazos-pictures-11.jpg\" class=\"popup-image\" data-sub-html=\"\">\n                    <span class=\"overlay\"><\/span> \n                    <img loading=\"lazy\" decoding=\"async\" width=\"2000\" height=\"1333\" src=\"https:\/\/douglascedenofotografia.info\/wp-content\/uploads\/2026\/09\/Sesion-de-embarazo-sesion-fotografica-costa-rica-fotografo-de-embarazos-pictures-11.jpg\" class=\"respimg\" alt=\"\" srcset=\"https:\/\/douglascedenofotografia.info\/wp-content\/uploads\/2026\/09\/Sesion-de-embarazo-sesion-fotografica-costa-rica-fotografo-de-embarazos-pictures-11.jpg 2000w, https:\/\/douglascedenofotografia.info\/wp-content\/uploads\/2026\/09\/Sesion-de-embarazo-sesion-fotografica-costa-rica-fotografo-de-embarazos-pictures-11-300x200.jpg 300w, https:\/\/douglascedenofotografia.info\/wp-content\/uploads\/2026\/09\/Sesion-de-embarazo-sesion-fotografica-costa-rica-fotografo-de-embarazos-pictures-11-1024x682.jpg 1024w, https:\/\/douglascedenofotografia.info\/wp-content\/uploads\/2026\/09\/Sesion-de-embarazo-sesion-fotografica-costa-rica-fotografo-de-embarazos-pictures-11-768x512.jpg 768w, https:\/\/douglascedenofotografia.info\/wp-content\/uploads\/2026\/09\/Sesion-de-embarazo-sesion-fotografica-costa-rica-fotografo-de-embarazos-pictures-11-1536x1024.jpg 1536w, https:\/\/douglascedenofotografia.info\/wp-content\/uploads\/2026\/09\/Sesion-de-embarazo-sesion-fotografica-costa-rica-fotografo-de-embarazos-pictures-11-18x12.jpg 18w\" sizes=\"(max-width: 2000px) 100vw, 2000px\" \/>                    <\/a>\n                <\/div>\n            <\/div>\n        <\/div>\n        \n        \n    <\/div>\n\n    <\/div><\/div><\/div><\/div><div class=\"clearfix\"><\/div><div class=\"clearfix\"><\/div><div class=\"vc_row wpb_row vc_row-fluid\"><div class=\"wpb_column vc_column_container vc_col-sm-12\"><div class=\"vc_column-inner\"><div class=\"wpb_wrapper\">\n\t<div class=\"wpb_text_column wpb_content_element\" >\n\t\t<div class=\"wpb_wrapper\">\n\t\t\t<p class=\"isSelectedEnd\">Si est\u00e1s buscando un sitio diferente para realizar una <strong>sesi\u00f3n de fotos de embarazo en Costa Rica<\/strong>, Rancho Saman\u00e1 es una opci\u00f3n que vale much\u00edsimo la pena considerar, especialmente si te gustan las fotograf\u00edas naturales, los espacios verdes y la hermosa luz del atardecer.<\/p>\n<h2>Fotograf\u00edas de embarazo al atardecer<\/h2>\n<p class=\"isSelectedEnd\">Una de las principales razones por las que nos encanta Rancho Saman\u00e1 para realizar <strong>sesiones fotogr\u00e1ficas en Costa Rica<\/strong> es la posibilidad de aprovechar la luz del atardecer.<\/p>\n<p class=\"isSelectedEnd\">La parte superior del lugar ofrece espacios abiertos donde podemos aprovechar la luz natural y crear fotograf\u00edas de embarazo con un ambiente c\u00e1lido, natural y muy especial. La combinaci\u00f3n entre la vegetaci\u00f3n, el paisaje y la luz de las \u00faltimas horas del d\u00eda permite obtener fotograf\u00edas muy diferentes entre s\u00ed durante una misma sesi\u00f3n.<\/p>\n<p class=\"isSelectedEnd\">Para nosotros, la luz es una parte fundamental de nuestro estilo fotogr\u00e1fico, y los atardeceres de Rancho Saman\u00e1 ofrecen excelentes oportunidades para crear im\u00e1genes naturales y emotivas.<\/p>\n<h2>Jardines y \u00e1reas verdes para una sesi\u00f3n de fotos<\/h2>\n<p class=\"isSelectedEnd\">Rancho Saman\u00e1 cuenta con <strong>\u00e1reas verdes muy bien cuidadas<\/strong> que funcionan perfectamente como escenarios para una sesi\u00f3n fotogr\u00e1fica.<\/p>\n<p class=\"isSelectedEnd\">Uno de nuestros espacios favoritos se encuentra cerca del restaurante, donde encontramos jardines llenos de vegetaci\u00f3n y diferentes elementos naturales que permiten crear fotograf\u00edas de embarazo elegantes y espont\u00e1neas.<\/p>\n<p class=\"isSelectedEnd\">Tambi\u00e9n nos encant\u00f3 un peque\u00f1o camino rodeado de flores. Este tipo de espacios nos permite alejarnos de las fotograf\u00edas demasiado posadas y aprovechar el entorno para crear im\u00e1genes que se sientan m\u00e1s naturales.<\/p>\n<h2><a href=\"https:\/\/douglascedeno.com\/sesion-de-embarazo-en-costa-rica\/\">Una sesi\u00f3n de embarazo diferente<\/a><\/h2>\n<p class=\"isSelectedEnd\">Algo que hace particularmente especial a Rancho Saman\u00e1 es que la experiencia puede ir mucho m\u00e1s all\u00e1 de una sesi\u00f3n tradicional de fotograf\u00edas.<\/p>\n<p class=\"isSelectedEnd\">Dependiendo del momento y de los animales disponibles en el lugar, es posible encontrarse con <strong>cabritas, vaquitas y otros animales<\/strong>, lo que puede darle un elemento completamente diferente a las fotograf\u00edas.<\/p>\n<p class=\"isSelectedEnd\">Esto abre la posibilidad de crear im\u00e1genes familiares, espont\u00e1neas y divertidas que realmente representen la experiencia de visitar este lugar.<\/p>\n<h2>\u00bfPor qu\u00e9 hacer una sesi\u00f3n de fotos en Rancho Saman\u00e1?<\/h2>\n<p class=\"isSelectedEnd\">Si est\u00e1s buscando un lugar para realizar una <strong>sesi\u00f3n de embarazo en Coronado<\/strong>, Rancho Saman\u00e1 ofrece diferentes ambientes en un mismo sitio:<\/p>\n<ul data-spread=\"false\">\n<li>Jardines y \u00e1reas verdes.<\/li>\n<li>Espacios naturales muy bien cuidados.<\/li>\n<li>Caminos rodeados de flores.<\/li>\n<li>Zonas abiertas para aprovechar el atardecer.<\/li>\n<li>Diferentes escenarios para variar las fotograf\u00edas.<\/li>\n<li>Posibilidad de realizar fotograf\u00edas con animales del lugar.<\/li>\n<li>Un ambiente natural ideal para fotograf\u00edas familiares y de embarazo.<\/li>\n<\/ul>\n<p class=\"isSelectedEnd\">La variedad de escenarios permite que una sesi\u00f3n de fotos no se sienta repetitiva y que podamos aprovechar diferentes espacios durante el mismo recorrido.<\/p>\n<h2>Fotograf\u00eda de embarazo en Costa Rica<\/h2>\n<p class=\"isSelectedEnd\">Nos encanta realizar <strong>sesiones de embarazo en Costa Rica<\/strong> buscando que las fotograf\u00edas se sientan naturales, elegantes y aut\u00e9nticas. M\u00e1s que simplemente colocar a una persona frente a una c\u00e1mara, buscamos aprovechar la luz, el entorno y los momentos espont\u00e1neos que suceden durante la sesi\u00f3n.<\/p>\n<p class=\"isSelectedEnd\">Rancho Saman\u00e1 nos pareci\u00f3 un escenario especialmente bonito para este tipo de fotograf\u00eda por la variedad de ambientes que ofrece y por la posibilidad de aprovechar el atardecer.<\/p>\n<p class=\"isSelectedEnd\">Si est\u00e1s esperando un beb\u00e9 y quieres guardar esta etapa de tu vida con una <strong>sesi\u00f3n fotogr\u00e1fica de embarazo en Costa Rica<\/strong>, podemos ayudarte a planificar una sesi\u00f3n que se adapte a tu estilo y al lugar que elijas.<\/p>\n<h2>Cotiza tu sesi\u00f3n de fotos<\/h2>\n<p class=\"isSelectedEnd\">Si te gustaron estas fotograf\u00edas y est\u00e1s buscando realizar una <strong>sesi\u00f3n de embarazo, sesi\u00f3n familiar o sesi\u00f3n de fotos en Costa Rica<\/strong>, estaremos encantados de ayudarte.<\/p>\n<p class=\"isSelectedEnd\">Puedes contactarnos para conocer nuestros paquetes y <strong>cotizar tu sesi\u00f3n fotogr\u00e1fica en Rancho Saman\u00e1, Coronado<\/strong>.<\/p>\n<p>Estamos ac\u00e1 para servirles y para crear fotograf\u00edas que les permitan recordar esta etapa tan especial durante muchos a\u00f1os.<\/p>\n\n\t\t<\/div>\n\t<\/div>\n<\/div><\/div><\/div><\/div><div class=\"clearfix\"><\/div>\n<\/div>","protected":false},"excerpt":{"rendered":"Sesi\u00f3n de embarazo en Rancho Saman\u00e1, Coronado Hay lugares que simplemente se prestan para crear fotograf\u00edas incre\u00edbles, y Rancho Saman\u00e1, en Coronado, Costa Rica, es uno de ellos. En esta ocasi\u00f3n tuvimos la oportunidad de realizar una hermosa sesi\u00f3n de embarazo y quedamos encantados con todas las posibilidades fotogr\u00e1ficas que ofrece este lugar. Si est\u00e1s [...]","protected":false},"author":1,"featured_media":43919,"parent":0,"menu_order":0,"comment_status":"closed","ping_status":"closed","template":"page-fullwidth.php","meta":{"_monsterinsights_skip_tracking":false,"footnotes":""},"class_list":["post-43905","page","type-page","status-publish","has-post-thumbnail","hentry"],"yoast_head":"<!-- This site is optimized with the Yoast SEO plugin v28.4 - https:\/\/yoast.com\/product\/yoast-seo-wordpress\/ -->\n<title>Rancho Samana - Fot\u00f3grafo profesional<\/title>\n<meta name=\"robots\" content=\"index, follow, max-snippet:-1, max-image-preview:large, max-video-preview:-1\" \/>\n<link rel=\"canonical\" href=\"https:\/\/douglascedenofotografia.info\/en\/rancho-samana\/\" \/>\n<meta property=\"og:locale\" content=\"en_US\" \/>\n<meta property=\"og:type\" content=\"article\" \/>\n<meta property=\"og:title\" content=\"Rancho Samana - Fot\u00f3grafo profesional\" \/>\n<meta property=\"og:url\" content=\"https:\/\/douglascedenofotografia.info\/en\/rancho-samana\/\" \/>\n<meta property=\"og:site_name\" content=\"Fot\u00f3grafo profesional\" \/>\n<meta property=\"article:modified_time\" content=\"2026-09-05T22:30:12+00:00\" \/>\n<meta property=\"og:image\" content=\"https:\/\/douglascedenofotografia.info\/wp-content\/uploads\/2026\/09\/Sesion-de-embarazo-sesion-fotografica-costa-rica-fotografo-de-embarazos-pictures-10.jpg\" \/>\n\t<meta property=\"og:image:width\" content=\"2000\" \/>\n\t<meta property=\"og:image:height\" content=\"1333\" \/>\n\t<meta property=\"og:image:type\" content=\"image\/jpeg\" \/>\n<meta name=\"twitter:card\" content=\"summary_large_image\" \/>\n<meta name=\"twitter:label1\" content=\"Est. reading time\" \/>\n\t<meta name=\"twitter:data1\" content=\"4 minutes\" \/>\n<script type=\"application\/ld+json\" class=\"yoast-schema-graph\">{\"@context\":\"https:\\\/\\\/schema.org\",\"@graph\":[{\"@type\":\"WebPage\",\"@id\":\"https:\\\/\\\/douglascedenofotografia.info\\\/rancho-samana\\\/\",\"url\":\"https:\\\/\\\/douglascedenofotografia.info\\\/rancho-samana\\\/\",\"name\":\"Rancho Samana - Fot\u00f3grafo profesional\",\"isPartOf\":{\"@id\":\"https:\\\/\\\/douglascedenofotografia.info\\\/#website\"},\"primaryImageOfPage\":{\"@id\":\"https:\\\/\\\/douglascedenofotografia.info\\\/rancho-samana\\\/#primaryimage\"},\"image\":{\"@id\":\"https:\\\/\\\/douglascedenofotografia.info\\\/rancho-samana\\\/#primaryimage\"},\"thumbnailUrl\":\"https:\\\/\\\/douglascedenofotografia.info\\\/wp-content\\\/uploads\\\/2026\\\/09\\\/Sesion-de-embarazo-sesion-fotografica-costa-rica-fotografo-de-embarazos-pictures-10.jpg\",\"datePublished\":\"2026-09-05T22:24:35+00:00\",\"dateModified\":\"2026-09-05T22:30:12+00:00\",\"breadcrumb\":{\"@id\":\"https:\\\/\\\/douglascedenofotografia.info\\\/rancho-samana\\\/#breadcrumb\"},\"inLanguage\":\"en-US\",\"potentialAction\":[{\"@type\":\"ReadAction\",\"target\":[\"https:\\\/\\\/douglascedenofotografia.info\\\/rancho-samana\\\/\"]}]},{\"@type\":\"ImageObject\",\"inLanguage\":\"en-US\",\"@id\":\"https:\\\/\\\/douglascedenofotografia.info\\\/rancho-samana\\\/#primaryimage\",\"url\":\"https:\\\/\\\/douglascedenofotografia.info\\\/wp-content\\\/uploads\\\/2026\\\/09\\\/Sesion-de-embarazo-sesion-fotografica-costa-rica-fotografo-de-embarazos-pictures-10.jpg\",\"contentUrl\":\"https:\\\/\\\/douglascedenofotografia.info\\\/wp-content\\\/uploads\\\/2026\\\/09\\\/Sesion-de-embarazo-sesion-fotografica-costa-rica-fotografo-de-embarazos-pictures-10.jpg\",\"width\":2000,\"height\":1333},{\"@type\":\"BreadcrumbList\",\"@id\":\"https:\\\/\\\/douglascedenofotografia.info\\\/rancho-samana\\\/#breadcrumb\",\"itemListElement\":[{\"@type\":\"ListItem\",\"position\":1,\"name\":\"Portada\",\"item\":\"https:\\\/\\\/douglascedenofotografia.info\\\/\"},{\"@type\":\"ListItem\",\"position\":2,\"name\":\"Rancho Samana\"}]},{\"@type\":\"WebSite\",\"@id\":\"https:\\\/\\\/douglascedenofotografia.info\\\/#website\",\"url\":\"https:\\\/\\\/douglascedenofotografia.info\\\/\",\"name\":\"Fot\u00f3grafo profesional\",\"description\":\"Fot\u00f3grafo de bodas Costa Rica, fot\u00f3grafo profesional con mas de 10 a\u00f1os de experiencia\",\"potentialAction\":[{\"@type\":\"SearchAction\",\"target\":{\"@type\":\"EntryPoint\",\"urlTemplate\":\"https:\\\/\\\/douglascedenofotografia.info\\\/?s={search_term_string}\"},\"query-input\":{\"@type\":\"PropertyValueSpecification\",\"valueRequired\":true,\"valueName\":\"search_term_string\"}}],\"inLanguage\":\"en-US\"}]}<\/script>\n<!-- \/ Yoast SEO plugin. -->","yoast_head_json":{"title":"Rancho Samana - Fot\u00f3grafo profesional","robots":{"index":"index","follow":"follow","max-snippet":"max-snippet:-1","max-image-preview":"max-image-preview:large","max-video-preview":"max-video-preview:-1"},"canonical":"https:\/\/douglascedenofotografia.info\/en\/rancho-samana\/","og_locale":"en_US","og_type":"article","og_title":"Rancho Samana - Fot\u00f3grafo profesional","og_url":"https:\/\/douglascedenofotografia.info\/en\/rancho-samana\/","og_site_name":"Fot\u00f3grafo profesional","article_modified_time":"2026-09-05T22:30:12+00:00","og_image":[{"width":2000,"height":1333,"url":"https:\/\/douglascedenofotografia.info\/wp-content\/uploads\/2026\/09\/Sesion-de-embarazo-sesion-fotografica-costa-rica-fotografo-de-embarazos-pictures-10.jpg","type":"image\/jpeg"}],"twitter_card":"summary_large_image","twitter_misc":{"Est. reading time":"4 minutes"},"schema":{"@context":"https:\/\/schema.org","@graph":[{"@type":"WebPage","@id":"https:\/\/douglascedenofotografia.info\/rancho-samana\/","url":"https:\/\/douglascedenofotografia.info\/rancho-samana\/","name":"Rancho Samana - Fot\u00f3grafo profesional","isPartOf":{"@id":"https:\/\/douglascedenofotografia.info\/#website"},"primaryImageOfPage":{"@id":"https:\/\/douglascedenofotografia.info\/rancho-samana\/#primaryimage"},"image":{"@id":"https:\/\/douglascedenofotografia.info\/rancho-samana\/#primaryimage"},"thumbnailUrl":"https:\/\/douglascedenofotografia.info\/wp-content\/uploads\/2026\/09\/Sesion-de-embarazo-sesion-fotografica-costa-rica-fotografo-de-embarazos-pictures-10.jpg","datePublished":"2026-09-05T22:24:35+00:00","dateModified":"2026-09-05T22:30:12+00:00","breadcrumb":{"@id":"https:\/\/douglascedenofotografia.info\/rancho-samana\/#breadcrumb"},"inLanguage":"en-US","potentialAction":[{"@type":"ReadAction","target":["https:\/\/douglascedenofotografia.info\/rancho-samana\/"]}]},{"@type":"ImageObject","inLanguage":"en-US","@id":"https:\/\/douglascedenofotografia.info\/rancho-samana\/#primaryimage","url":"https:\/\/douglascedenofotografia.info\/wp-content\/uploads\/2026\/09\/Sesion-de-embarazo-sesion-fotografica-costa-rica-fotografo-de-embarazos-pictures-10.jpg","contentUrl":"https:\/\/douglascedenofotografia.info\/wp-content\/uploads\/2026\/09\/Sesion-de-embarazo-sesion-fotografica-costa-rica-fotografo-de-embarazos-pictures-10.jpg","width":2000,"height":1333},{"@type":"BreadcrumbList","@id":"https:\/\/douglascedenofotografia.info\/rancho-samana\/#breadcrumb","itemListElement":[{"@type":"ListItem","position":1,"name":"Portada","item":"https:\/\/douglascedenofotografia.info\/"},{"@type":"ListItem","position":2,"name":"Rancho Samana"}]},{"@type":"WebSite","@id":"https:\/\/douglascedenofotografia.info\/#website","url":"https:\/\/douglascedenofotografia.info\/","name":"Fot\u00f3grafo profesional","description":"Fot\u00f3grafo de bodas Costa Rica, fot\u00f3grafo profesional con mas de 10 a\u00f1os de experiencia","potentialAction":[{"@type":"SearchAction","target":{"@type":"EntryPoint","urlTemplate":"https:\/\/douglascedenofotografia.info\/?s={search_term_string}"},"query-input":{"@type":"PropertyValueSpecification","valueRequired":true,"valueName":"search_term_string"}}],"inLanguage":"en-US"}]}},"_links":{"self":[{"href":"https:\/\/douglascedenofotografia.info\/en\/wp-json\/wp\/v2\/pages\/43905","targetHints":{"allow":["GET"]}}],"collection":[{"href":"https:\/\/douglascedenofotografia.info\/en\/wp-json\/wp\/v2\/pages"}],"about":[{"href":"https:\/\/douglascedenofotografia.info\/en\/wp-json\/wp\/v2\/types\/page"}],"author":[{"embeddable":true,"href":"https:\/\/douglascedenofotografia.info\/en\/wp-json\/wp\/v2\/users\/1"}],"replies":[{"embeddable":true,"href":"https:\/\/douglascedenofotografia.info\/en\/wp-json\/wp\/v2\/comments?post=43905"}],"version-history":[{"count":4,"href":"https:\/\/douglascedenofotografia.info\/en\/wp-json\/wp\/v2\/pages\/43905\/revisions"}],"predecessor-version":[{"id":43922,"href":"https:\/\/douglascedenofotografia.info\/en\/wp-json\/wp\/v2\/pages\/43905\/revisions\/43922"}],"wp:featuredmedia":[{"embeddable":true,"href":"https:\/\/douglascedenofotografia.info\/en\/wp-json\/wp\/v2\/media\/43919"}],"wp:attachment":[{"href":"https:\/\/douglascedenofotografia.info\/en\/wp-json\/wp\/v2\/media?parent=43905"}],"curies":[{"name":"wp","href":"https:\/\/api.w.org\/{rel}","templated":true}]}}